{"id":5989,"date":"2021-03-09T15:28:40","date_gmt":"2021-03-09T14:28:40","guid":{"rendered":"https:\/\/www.vercors-resistance.fr\/?page_id=5989"},"modified":"2021-04-06T18:35:55","modified_gmt":"2021-04-06T16:35:55","slug":"places-of-memory-of-the-resistant-vercors","status":"publish","type":"page","link":"https:\/\/www.vercors-resistance.fr\/en\/media-library\/places-of-memory-of-the-resistant-vercors\/","title":{"rendered":"Places of memory of the resistant Vercors"},"content":{"rendered":"\n<div class=\"wp-block-button\"><a class=\"wp-block-button__link\" href=\"\/en\/media-library\/places-of-memory-of-the-resistant-vercors\/#montagnes\">Les Quatre-Montagnes<br><\/a><\/div>\n\n\n\n<div class=\"wp-block-button\"><a class=\"wp-block-button__link\" href=\"\/en\/media-library\/places-of-memory-of-the-resistant-vercors\/#historique\">Le Vercors Sud<br><\/a><\/div>\n\n\n\n<div class=\"wp-block-button\"><a class=\"wp-block-button__link\" href=\"\/en\/media-library\/places-of-memory-of-the-resistant-vercors\/#diois\">Le Diois<br><\/a><\/div>\n\n\n\n<div class=\"wp-block-button\"><a class=\"wp-block-button__link\" href=\"\/en\/media-library\/places-of-memory-of-the-resistant-vercors\/#trieves\">Le Tri\u00e8ves<br><\/a><\/div>\n\n\n\n<div style=\"height:100px\" aria-hidden=\"true\" class=\"wp-block-spacer\"><\/div>\n\n\n\n<h2 class=\"wp-block-heading\">Typology, actors and spatial distribution<\/h2>\n\n\n\n<p><\/p>\n\n\n\n<p>The definitions of Pierre Nora and G\u00e9rard Wajcman served as a framework for the study of the Groupe Vercors R\u00e9sistant (GVR) because they apply to the Vercors. These places present a heterogeneity that bears witness to memories: individual or collective plaques, steles, monuments, memorials, museums and necropolises. The massif is thus studded with different markers, most often linked to the battles that took place in a given place.<\/p>\n\n\n\n<p class=\"has-text-align-right\">Authors: <strong>Julien Guillon and Guy Giraud<\/strong><br>Sources :<br>Collective (under the direction of Pierre Nora), Les lieux de m\u00e9moire, Paris, Gallimard, 1997.<br>G\u00e9rard Wajcman, L&#8217;objet du si\u00e8cle, Paris, Verdier, 1998.<br><\/p>\n\n\n\n<h4 class=\"wp-block-heading\">Diversity of material representations<\/h4>\n\n\n\n<p>These places of memory are materialised in various forms:<\/p>\n\n\n\n<ul class=\"wp-block-list\"><li>a simple wooden cross, planted on the ground, showing the identity and date of death of the combatant or civilian;<\/li><li>a concrete base surmounted by a truncated column indicating a date and the name of a missing person<\/li><li>a plaque indicating the name(s) of the martyrs, civilians or maquisards, and, sometimes, the date and circumstances of the death;<\/li><li>a communal monument which brings together, inscribed in stone, the dead of the great wars, those of the Resistance as well as those of the deportation, and, in certain cases, those of executed persons;<\/li><li>a necropolis where the graves of civilians and combatants killed or massacred during certain battles are gathered (Saint-Nizier-du-Moucherotte, Vassieux-en-Vercors);<\/li><li>a monument (martyrology of Vassieux-en-Vercors), an artistic representation entrusted to a sculptor or a painter;<\/li><li>a memorial ;<\/li><li>a museum.<\/li><\/ul>\n\n\n\n<p class=\"has-text-align-right\">Author: <strong>Guy Giraud<\/strong><br>Sources:<br>Collective (under the direction of Pierre Nora), Les lieux de m\u00e9moire, Paris, Gallimard, 1997.<br>Olivier Vallade, Major Fouyat, Des combats au souvenir. Places of Resistance and Memory. Is\u00e8re et Vercors, Grenoble, PUG\/MRDI, 1997.<br>Annette Wieviorka, Serge Barcellini, Passant, souviens-toi ! Les lieux du souvenir de la Seconde Guerre mondiale en France, Paris, Plon, 1995.<br>Inventory of places of remembrance by Guy Giraud.<br><\/p>\n\n\n\n<h4 class=\"wp-block-heading\">The actors of remembrance<\/h4>\n\n\n\n<p>The census and the marking of graves began very quickly, thanks to the action of the National Association of Pioneers and Volunteer Combatants of the Vercors (ANPCVV) or to private initiatives (J. La Picirella &#8211; museum of the Resistance of Vassieux-en-Vercors). The ANPCVV is notably the initiator of the necropolis of Vassieux-en-Vercors (Dr\u00f4me), erected in 1948 to receive the bodies of 187 combatants and civilians killed in the German attacks of the Vercors maquis. It also contains all the commemorative plaques placed by the former Resistance fighters&#8217; associations. In 1981, it was enriched with a Remembrance Room. In Is\u00e8re, the ANPCVV erected the Saint-Nizier-du-Moucherotte necropolis in 1947.<\/p>\n\n\n\n<p>From the 1990s onwards, these places were gradually considered as a real heritage. They have therefore been progressively institutionalised, modifying their consideration and management. The State and local authorities (Region, departments, municipalities) now ensure, in partnership with traditional memory associations, including the ANPCVV, the development of these places of memory:<\/p>\n\n\n\n<p>In 1994, the Resistance Memorial located at the La Chau Pass in Vassieux-en-Vercors (Dr\u00f4me) was inaugurated; it is managed by the Vercors Regional Natural Park (PNRV), for which the Region, among others, provides the funding.<\/p>\n\n\n\n<p>In 1999, the Department of the Dr\u00f4me took over the museum created by Joseph La Picirella. It was completely renovated in 2010.<\/p>\n\n\n\n<p>In 2014, the two necropolises built and managed by the ANPCVV became State property. The ONACVG is responsible for their maintenance, management and enhancement. An agreement regulates the relationships between the various players: commune\/departmental museum of the Resistance\/Memorial\/ANPCVV.<\/p>\n\n\n\n<p class=\"has-text-align-right\">Authors: <strong>Guy Giraud and Julien Guillon<\/strong><\/p>\n\n\n\n<p>Les  d\u00e9finitions de Pierre Nora et de G\u00e9rard Wajcman ont servi de cadre  d\u2019\u00e9tude au Groupe Vercors R\u00e9sistant (GVR) car elles s\u2019appliquent au  Vercors. Ces lieux pr\u00e9sentent une h\u00e9t\u00e9rog\u00e9n\u00e9it\u00e9 qui t\u00e9moigne des  m\u00e9moires : plaques individuelles ou collectives, st\u00e8les, monuments,  m\u00e9morial, mus\u00e9e et n\u00e9cropoles. Le massif est ainsi constell\u00e9 de  diff\u00e9rents marqueurs, li\u00e9s, le plus souvent, aux combats qui se sont  d\u00e9roul\u00e9s \u00e0 un endroit donn\u00e9.<\/p>\n\n\n\n<p class=\"has-text-align-right\">Auteurs : <strong>Julien Guillon et Guy Giraud<\/strong><br><strong>Sources :<\/strong><br><em>Collectif (sous la direction de Pierre Nora),&nbsp;<\/em>Les lieux de m\u00e9moire<em>, Paris, Gallimard, 1997.<br> G\u00e9rard Wajcman,&nbsp;<\/em>L\u2019objet du si\u00e8cle<em>, Paris,&nbsp;Verdier, 1998.<\/em><\/p>\n\n\n\n<h4 class=\"wp-block-heading\">Places of memory<\/h4>\n\n\n\n<p>These places of remembrance correspond to the major events that took place on the massif and its surroundings between 1940 and 1944. The &#8220;Vercors&#8221; is a generic name that encompasses a multitude of landscapes made up of &#8220;small countries&#8221;. For Jules Blache, before the war, the massif was made up of &#8220;[\u2026] two domains that turned their backs on each other and had no common name [1] &#8220;. 1] Straddling the Dr\u00f4me and Is\u00e8re departments, it was however this area that was chosen by the movements (Franc-Tireur, Combat) for the delimitation of the Resistance sectors. For this study, five main areas were therefore selected to facilitate the reading and classification of the data:<\/p>\n\n\n\n<ul class=\"wp-block-list\"><li>The &#8220;Quatre-Montagnes&#8221;\/Coulmes area<\/li><li>Historical Vercors<\/li><li>Royans \/ Gervanne<\/li><li>Diois<\/li><li>Tri\u00e8ves \/ eastern cliffs and Drac valley.<\/li><\/ul>\n\n\n\n<p class=\"has-text-align-right\">Authors: <strong>Guy Giraud and Julien Guillon<\/strong><br>Source :<br>1] Jules Blache, Les massifs de la Grande Chartreuse et du Vercors, Didier et Richard, Grenoble, 1931, republished by Laffitte reprints, Marseille, 1978.<br><\/p>\n\n\n\n<div style=\"height:100px\" aria-hidden=\"true\" class=\"wp-block-spacer\"><\/div>\n\n\n\n<h2 class=\"wp-block-heading\" id=\"montagnes\">The Pays des Quatre-Montagnes and the Coulmes<\/h2>\n\n\n\n<p>This entity constitutes the northern part of the massif, in Is\u00e8re. It is characterised by synclines (the valleys of Lans-en-Vercors\/Villard-de-Lans and Autrans-M\u00e9audre-en-Vercors), large inhabited valleys situated at an altitude of around 1,000 metres. On its margins, the communes of Malleval-en-Vercors, to the north, and Corren\u00e7on-en-Vercors, to the south, mark the limits. The Bourne river, for its part, delimits the Vercors massif between its northern and southern parts. It is traditionally oriented towards Grenoble or the Bas-Gr\u00e9sivaudan because access was easy.<br>Before the war, a Grenoble\/Villard-de-Lans tramway line provided connections. Finally, shuttles were provided by the Huillier transport company, notably in 1940-1944. The duality of the foothills (city-boroughs &#8211; valleys-mountains) marks the places of remembrance drawing common paths of resistance.<\/p>\n\n\n\n<p>After the German attacks of 13 and 15 June on Saint-Nizier, a &#8220;no man&#8217;s land&#8221; was established in the Lans valley. The 6th BCA withdrew to the western foothills of the Plaine, from Croix-Perrin to Corren\u00e7on, with the Germans only carrying out reconnaissance as far as Villard-de-Lans, in particular to check on the teaching staff and pupils of the Cyprian-Norwid Polish high school.<\/p>\n\n\n\n<p>On 21 July, the Germans launched their assault on the Vercors. A group of the German 157th DR set off from Saint-Nizier towards the Croix-Perrin pass to reach the Autrans-M\u00e9audre valley, despite the resistance of the 6th BCA, commanded by Costa de Beauregard (Durieu). The group continued its progression towards Corren\u00e7on-en-Vercors and Valchevri\u00e8re with the aim of joining the Luftwaffe paratroopers airborne by gliders at Vassieux-en-Vercors.<\/p>\n\n\n\n<p>Three periods summarise the history attached to the places of memory in the Quatre-Montagnes sector:<\/p>\n\n\n\n<ul class=\"wp-block-list\"><li>March 1944: a clash with a German patrol occurs at Saint-Nizier-du-Moucherotte,<\/li><li>June 1944: the fighting of 13 and 15 June 1944 started at Saint-Nizier-du-Moucherotte,<\/li><li>July and August 1944: German attack, followed by an extensive sweep of the massif.<\/li><\/ul>\n\n\n\n<p>The war memorials of the communes gather the names of the Resistance fighters and those of the great wars of the 20th century.<\/p>\n\n\n\n<p class=\"has-text-align-right\">Author: <strong>Guy Giraud<\/strong><\/p>\n\n\n\n<h4 class=\"wp-block-heading\">Saint-Nizier-du-Moucherotte<\/h4>\n\n\n\n<p>On 13 June 1944, the Germans launched a battalion from Grenoble to carry out an initial reconnaissance of the Maquis position; the Resistance fighters managed to repel them.<\/p>\n\n\n\n<p>The battle resulted in twelve killed and six wounded on the Maquis side, one killed and five wounded on the German side.<\/p>\n\n\n\n<p>On 14 June, German reinforcements arrived and opened fire, but caused no damage to the defences.<\/p>\n\n\n\n<p>In the early hours of the 15th, the German troops renewed their attack with reinforced means and artillery support. This time, barely 600 Resistance fighters were fighting against 2,000 Germans and militiamen. Despite the fierce fight of the maquisards, who were too lightly armed, the attackers advanced everywhere. At around 10 a.m., Fran\u00e7ois Huet ordered his men to withdraw towards Croix-Perrin, Corren\u00e7on and <a href=\"https:\/\/www.vercors-resistance.fr\/documents-et-analyses\/#combatsbelvederevalchevriere\" target=\"_blank\" rel=\"noreferrer noopener\">Valchevri\u00e8re<\/a>.<\/p>\n\n\n\n<p>In total, the fighting at Saint-Nizier cost the lives of twenty-one Resistance fighters, nine civilians from Saint-Nizier and thirteen German soldiers.<\/p>\n\n\n\n<p>In memory of these battles, a necropolis was erected at Saint-Nizier-du-Moucherotte, inaugurated in 1947, under the aegis of the ANPCVV.<\/p>\n\n\n\n<p class=\"has-text-align-right\">Author: <strong>Guy Giraud<\/strong><br><\/p>\n\n\n\n<h4 class=\"wp-block-heading\">Lans &#8211; Villard-de-Lans &#8211; Valchevri\u00e8re &#8211; Corren\u00e7on<\/h4>\n\n\n\n<p>After the German attacks of 13 and 15 June on Saint-Nizier, a &#8220;no man&#8217;s land&#8221; was established in the Lans valley. The 6th BCA withdrew to the western foothills of the Plaine, from Croix-Perrin to Corren\u00e7on. The Germans only carried out reconnaissance as far as Villard-de-Lans, in particular to check on the teaching staff and pupils of the Cyprian-Norwid Polish high school.<\/p>\n\n\n\n<p>On 21 July, the Germans launched their assault on the Vercors. A group of the German 157th DR set off from Saint-Nizier towards the Croix-Perrin pass to reach the Autrans-M\u00e9audre valley. It continued its progression towards Corren\u00e7on-en-Vercors and the hamlet of Valchevri\u00e8re with the aim of joining the Luftwaffe paratroopers airborne by gliders at Vassieux-en-Vercors. The road linking Villard-de-Lans to Valchevri\u00e8re is a compulsory passage, difficult to cross, and therefore in theory easy to defend, especially as the access bridge to the Bourne Gorges, the Goule-Noire bridge, had been destroyed by the Resistance. The fighting at Belvedere de Valchevri\u00e8re (<a href=\"https:\/\/www.vercors-resistance.fr\/documents-et-analyses\/#combatsbelvederevalchevriere\" target=\"_blank\" rel=\"noreferrer noopener\">Les combats du Belv\u00e9d\u00e8re de Valchevri\u00e8re<\/a>) took place on 21, 22 and 23 July 1944.<\/p>\n\n\n\n<p>Jacques Douillet, born in 1893 and ordained a priest in 1922, decided to erect a fourteen-station Way of the Cross along the road to preserve the memory of the heroes and martyrs, both civilians and combatants, of the Vercors. This monumental ensemble was inaugurated on 12 September 1948 by Monseigneur Caillot, Bishop of Grenoble, in the presence of a huge crowd.<\/p>\n\n\n\n<p class=\"has-text-align-right\">Author: <strong>Guy Giraud<\/strong><br>Source:<br>From information provided by the Maison du Patrimoine de Villard-de-Lans.<br><\/p>\n\n\n\n<h4 class=\"wp-block-heading\">Autrans &#8211; M\u00e9audre<\/h4>\n\n\n\n<p>On 21 July 1944, the Germans launched their assault on the Vercors. A group of the German 157th DR set off from Saint-Nizier towards the Croix-Perrin pass to reach the Autrans-M\u00e9audre valley. The group continued its progression towards Corren\u00e7on-en-Vercors and Valchevri\u00e8re with the aim of joining the Luftwaffe paratroopers airborne in Vassieux-en-Vercors.<\/p>\n\n\n\n<p class=\"has-text-align-right\">Authors : <strong>Guy Giraud<\/strong><br><\/p>\n\n\n\n<h4 class=\"wp-block-heading\">Malleval<\/h4>\n\n\n\n<p>A commune located in the Coulmes, a small country of the Quatre-Montagnes, Malleval had 41 inhabitants in 1936.<br>In 1943, several maquis (<a href=\"https:\/\/www.vercors-resistance.fr\/documents-et-analyses\/#maquisdemalleval\" target=\"_blank\" rel=\"noreferrer noopener\">plusieurs maquis<\/a>) set up shop without depending on the Vercors organisation. This was the case of the former 6th BCA, commanded by Lieutenant Eysseric (Gustave); a group of Francs-Tireurs et Partisans (FTP) in the hamlet known as &#8220;des Belles&#8221;; and the small maquis of Abb\u00e9 Grou\u00e8s (<em><a href=\"https:\/\/www.vercors-resistance.fr\/notices-biographiques\/#hgroues\" target=\"_blank\" rel=\"noreferrer noopener\">abb\u00e9 Pierre<\/a><\/em>), who had managed to leave the area before the attack of 29 January 1944. Acting on the tip-off of a French agent, the Germans sealed off all the exits from the Malleval valley at night. At daybreak, the frontal attack was launched from Cognin-les-Gorges up the gorges of the Nant, towards the village and the hamlet of &#8220;des Belles&#8221;. Maquis and civilians were executed or deported.<\/p>\n\n\n\n<p>On 29 July 1944, after the dispersal order, 7 Maquis were killed during their attempt to escape from the Vercors.<\/p>\n\n\n\n<p>The commune of Malleval was renamed Malleval-en-Vercors on 12 September 2005.<\/p>\n\n\n\n<p class=\"has-text-align-right\">Author: <strong>Guy Giraud<\/strong><\/p>\n\n\n\n<div style=\"height:100px\" aria-hidden=\"true\" class=\"wp-block-spacer\"><\/div>\n\n\n\n<h2 class=\"wp-block-heading\" id=\"historique\">The historical Vercors<\/h2>\n\n\n\n<p>The historical Vercors constitutes the southern part of the massif, in the Dr\u00f4me department. The communes of Vassieux-en-Vercors, La-Chapelle-en-Vercors, Saint-Agnan-en-Vercors, Saint-Martin-en-Vercors and Saint-Julien-en-Vercors mark the human occupation.<br>In the foothills, the Diois (Die is a sub-prefecture) has close links with this part of the massif. The Rousset pass and the mule tracks have always provided connections.<\/p>\n\n\n\n<p>At the beginning of June 1944, the commune of Saint-Martin-en-Vercors experienced two important events:<\/p>\n\n\n\n<ul class=\"wp-block-list\"><li>the installation of the military hospital, with its annex at Tourtre;<\/li><li>the setting up of the command post of the governance of the Resistance in the centre of the village.<\/li><\/ul>\n\n\n\n<p>Near Saint-Agnan-en-Vercors, in the hamlet of La Briti\u00e8re, the Vercors radio communication means were deployed.<\/p>\n\n\n\n<p>On 21-24 July, the Germans were in Vassieux-en-Vercors: Die was occupied on the 21st. The Zabel group reached Vassieux-en-Vercors via the Rousset and Vassieux passes.<\/p>\n\n\n\n<p>On 22 July, orders were given to move the military hospital in Saint-Martin-en-Vercors and its annex in Tourtre to Die. As it was impossible to install it in the town occupied by the Germans, the command decided to house it in the Grotte de la Luire.<\/p>\n\n\n\n<p>On 23 July, the <a href=\"https:\/\/www.vercors-resistance.fr\/documents-et-analyses\/#combatsbelvederevalchevriere\" target=\"_blank\" rel=\"noreferrer noopener\">Valchevri\u00e8re<\/a> lock was broken. The steps on the eastern cliff were taken. The Germans then began to sweep the massif.<\/p>\n\n\n\n<p>On 25 July 1944, the commune of La-Chapelle-en-Vercors was cruelly marked by the execution of 16 inhabitants by German troops.<\/p>\n\n\n\n<p>On 27 July, at around 6.30 am, German soldiers burst into the Luire cave, executed all the wounded and deported the nurses present.<\/p>\n\n\n\n<p class=\"has-text-align-right\">Author: <strong>Guy Giraud<\/strong><\/p>\n\n\n\n<h4 class=\"wp-block-heading\">La-Chapelle-en-Vercors<\/h4>\n\n\n\n<p>On 25 July 1944, the Germans entered the village. They gathered the whole population and took 16 men aged between 17 and 38 as hostages. The same evening, they set fire to a hundred houses and coldly executed the hostages in the courtyard of the &#8220;Albert&#8221; farm, of which only a section of wall and the staircase remain.<\/p>\n\n\n\n<p class=\"has-text-align-right\">Author: <strong>Guy Giraud<\/strong><\/p>\n\n\n\n<h4 class=\"wp-block-heading\">Saint-Agnan, La-Briti\u00e8re, La grotte de la Luire<\/h4>\n\n\n\n<p>From 7 June 1944 to 23 July 1944, the command post (CP) of the Resistance&#8217;s transmission network in the Vercors was set up in the former Revol dairy at a place called &#8220;La Briti\u00e8re&#8221;. During the sweep, the place was destroyed.<\/p>\n\n\n\n<p>On 27 July, at around 4.30pm, the Germans took over the maquis hospital, which had been withdrawn to the Luire cave. They executed the wounded and deported the nurses.<\/p>\n\n\n\n<p class=\"has-text-align-right\">Author: <strong>Guy Giraud<\/strong><br><\/p>\n\n\n\n<h4 class=\"wp-block-heading\">Vassieux-en-Vercors<\/h4>\n\n\n\n<p>The locations of the memorial sites in the area from Vassieux-en-Vercors to the Col de Rousset and Die are the result, on the one hand, of the incursion of the militia from 17 to 24 April 1944 and, on the other hand, of the fighting that took place at Vassieux from 21 to 24 July 1944.<\/p>\n\n\n\n<p>This fighting was linked to the existence of the Taille-Crayon landing field, set up in anticipation of the arrival of allied airborne troops. The Pons battalion of the Dr\u00f4me was given the mission of covering the field from Crest to Die. The Resistance fighters of Vassieux and those locking the accesses to the area from the passes of Rousset, Font Payanne, La Chau and Proncel, will try to oppose the occupation of Vassieux by the Luftwaffe special forces airborne near Taille-Crayon.<br>From 21 to 25 July, the Germans carried out numerous massacres of combatants and civilians.<\/p>\n\n\n\n<p>The Lente forest, like other forests in the Vercors, was a refuge zone for the Resistance. After the departure of the Germans, the population, assisted by members of the Red Cross, gathered there the remains of the martyrs of Vassieux-en-Vercors.<\/p>\n\n\n\n<p>These events gave rise to the erection of numerous monuments, memorials, museums, steles and plaques of remembrance.<\/p>\n\n\n\n<p class=\"has-text-align-right\">Author : <strong>Guy Giraud<\/strong><\/p>\n\n\n\n<h4 class=\"wp-block-heading\">The Vassieux Necropolis<\/h4>\n\n\n\n<div class=\"wp-block-image\"><figure class=\"alignright is-resized\"><img loading=\"lazy\" decoding=\"async\" src=\"http:\/\/vercors-resistance.fr\/wp-content\/uploads\/2018\/12\/Panneau-provisoire-Vassieux-en-Vercors.jpeg\" alt=\"\" class=\"wp-image-138\" width=\"371\" height=\"278\" srcset=\"https:\/\/www.vercors-resistance.fr\/wp-content\/uploads\/2018\/12\/Panneau-provisoire-Vassieux-en-Vercors.jpeg 960w, https:\/\/www.vercors-resistance.fr\/wp-content\/uploads\/2018\/12\/Panneau-provisoire-Vassieux-en-Vercors-300x225.jpeg 300w, https:\/\/www.vercors-resistance.fr\/wp-content\/uploads\/2018\/12\/Panneau-provisoire-Vassieux-en-Vercors-768x576.jpeg 768w\" sizes=\"auto, (max-width: 371px) 100vw, 371px\" \/><\/figure><\/div>\n\n\n\n<p>The Vassieux necropolis was created by the Vercors Pioneers Association. An exhibition of portrait panels of Resistance fighters and civilians from the 1940-1945 period can be seen there. This exhibition makes present and concrete the meaning of these high places of commemoration.<\/p>\n\n\n\n<p>You will find here the document which includes the panels of this presentation <a rel=\"noreferrer noopener\" href=\"http:\/\/vercors-resistance.fr\/wp-content\/uploads\/2019\/02\/Panneaux_Vassieux.pdf\" target=\"_blank\">(les panneaux de cette pr\u00e9sentation<\/a>).<\/p>\n\n\n\n<h4 class=\"wp-block-heading\">Ambel<\/h4>\n\n\n\n<p>It was under the cover of a forestry operation that the first resistance fighters were welcomed at the end of December 1942 on the Ambel plateau in the Dr\u00f4me. The forest belonged to Victor Huillier, one of the precursors of the Franc-Tireur movement in Villard-de-Lans. After obtaining his agreement, a whole chain of solidarity was set up under the direction of Pierre Brunet, who was himself hired as deputy director in charge of material matters: food and lodging for the staff, accounting and, above all, recruitment. In February 1943, the workforce reached 85 men.<br>Ambel is often considered to be &#8220;the first maquis in France&#8221;.<\/p>\n\n\n\n<p class=\"has-text-align-right\">Author: <strong>Julien Guillon<\/strong><\/p>\n\n\n\n<div style=\"height:100px\" aria-hidden=\"true\" class=\"wp-block-spacer\"><\/div>\n\n\n\n<h2 class=\"wp-block-heading\" id=\"royans\">The Royans, the Gervanne and the Is\u00e8re Valley<\/h2>\n\n\n\n<p>This area forms the western slope of the Vercors massif. To the north, Le Royans is a hilly region, with livestock farming and walnut growing. Access to the massif is relatively easy via roads cut into the rock at the end of the 19th century.<\/p>\n\n\n\n<p>To the south, the Gervanne is an area of rugged hills at the foot of the plateaus bordering the Vercors massif. This &#8220;small country&#8221; is essentially turned towards Crest.<\/p>\n\n\n\n<p>These two areas, from north to south, are bordered by the river Is\u00e8re, which, coming from the Voreppe Cluse, flows into the Rh\u00f4ne, a few kilometres from Valence.<\/p>\n\n\n\n<p>Three events of different natures concern these areas:<\/p>\n\n\n\n<ul class=\"wp-block-list\"><li>the mobilisation of the Vercors, on 9 June 1944 ;<\/li><li>the German attack of 21 July 1944 on four directions: Saint-Nizier\/Villard-de-Lans, the Pas de la falaise orientale, the Vercors dr\u00f4mois and Vassieux-en-Vercors;<\/li><li>the dispersal order given on 23 July 1944 by F. Huet (Hervieux) to all the fighters in the Vercors.<\/li><\/ul>\n\n\n\n<p>During the German sweep of the massif, some of these fighters, sometimes from the Dr\u00f4me, decided to disperse in an attempt to escape the enemy&#8217;s cordon along the Is\u00e8re, at the outlets of the massif, individually or in small groups. Many were captured and executed. Civilian hostages were massacred.<\/p>\n\n\n\n<p>These events justify the erection of numerous memorial sites, some of which recall the climb to the Vercors following the mobilisation order of 9 June 1944.<\/p>\n\n\n\n<p class=\"has-text-align-right\">Authors: <strong>Julien Guillon and Guy Giraud<\/strong><br><\/p>\n\n\n\n<h4 class=\"wp-block-heading\">Romans-sur-Is\u00e8re &#8211; Bourg-de-P\u00e9age<\/h4>\n\n\n\n<p>On June 9th 1944, it is the mobilization: the civil companies, sedentary, as well as the volunteers, of which Romanais and P\u00e9ageois, join the Vercors.<\/p>\n\n\n\n<p>On 17 July, the commune of Pont-en-Royans was violently bombed.<\/p>\n\n\n\n<p>The fighting in June and July, followed by the dispersal order, caused many victims.<\/p>\n\n\n\n<p class=\"has-text-align-right\">Author: <strong>Guy Giraud<\/strong><\/p>\n\n\n\n<div style=\"height:100px\" aria-hidden=\"true\" class=\"wp-block-spacer\"><\/div>\n\n\n\n<h2 class=\"wp-block-heading\" id=\"diois\">The Diois<\/h2>\n\n\n\n<p>The Diois is a region of the Dr\u00f4me valley located in the southern foothills of the Vercors massif, stretching from the vicinity of Saillans in the west to the Rousset Passes in the north, and to the Men\u00e9e, Grimone, and Cabre Passes on the eastern flank. The Diois is dominated by the Glandasse mountain, the southern barrier of the Vercors. The most common access is from the Rhone valley to the west from Valence and Crest, and to a lesser extent via the Men\u00e9e pass towards Grenoble. The junction between the Vercors massif, apart from the mule tracks, is via the Rousset pass.<\/p>\n\n\n\n<p>The locations of the memorial sites in the area from Die to the Col de Rousset to Vassieux-en-Vercors are the result of the militia incursion from 17 to 24 April 1944 and the fighting that took place in Vassieux from 21 to 24 July 1944.<\/p>\n\n\n\n<p>This fighting was linked to the existence of the Taille-crayon landing field set up in anticipation of the arrival of Allied airborne troops. The Pons battalion of the Dr\u00f4me was given the mission of covering the field from Crest to Die. The Resistance fighters of Vassieux and those locking the accesses to the area from the passes of Rousset, Font-Payanne, La-Chau and Proncel will try to oppose the occupation of Vassieux by the Luftwaffe airborne special forces near Taille-crayon. From 21 to 25 July, the Germans committed numerous massacres of combatants and civilians.<\/p>\n\n\n\n<p class=\"has-text-align-right\">Author: <strong>Guy Giraud<\/strong><\/p>\n\n\n\n<div style=\"height:100px\" aria-hidden=\"true\" class=\"wp-block-spacer\"><\/div>\n\n\n\n<h2 class=\"wp-block-heading\" id=\"trieves\">From the Tri\u00e8ves to the Grenoble area<\/h2>\n\n\n\n<p>The ridge of the eastern flank, fifty kilometres long, has several peaks exceeding 2,000 metres in altitude.<\/p>\n\n\n\n<p>The Tri\u00e8ves, to the east, is a low undulating plateau between the highest peaks of the Vercors and the Drac gorges. It is the most isolated region from the rest of the massif.<\/p>\n\n\n\n<p>From November 1943 to May 1944, the sector stretching from the crests of the eastern cliff to the Drac was subjected to particularly well-targeted Italian and German raids.<\/p>\n\n\n\n<p>From 21 July 1944, the Germans attacked the Vercors resistance in four directions, starting at the Drac towards the Pas de la falaise.<\/p>\n\n\n\n<p>At the same time, they cordoned off the outer perimeter of the massif to prevent the escape of fighters to the Dr\u00f4me or Is\u00e8re.<\/p>\n\n\n\n<p>To the east, they watched over the steep slopes of the cliff which, from the Pas, led to the Drac and, beyond, to the Tri\u00e8ves and the Oisans.<\/p>\n\n\n\n<p>In the course of this unequal struggle, maquisards, alone or in teams of a few men, were intercepted and shot. Civilians were sometimes taken hostage and shot or deported. However, some fighters managed to get through the German checkpoints.<\/p>\n\n\n\n<p>These events explain the large number of memorial sites between the cliff line and the Drac.<\/p>\n\n\n\n<p class=\"has-text-align-right\">Authors: <strong>Guy Giraud and Julien Guillon<\/strong><\/p>\n\n\n\n<h4 class=\"wp-block-heading\">The Tri\u00e8ves<\/h4>\n\n\n\n<p>It is a multiform resistance that characterizes the Tri\u00e8ves, Sector IV of the Secret Army of Is\u00e8re, benefiting from many complicities.<\/p>\n\n\n\n<p>It is a tradition of welcome and refuge.<br>In Pr\u00e9lenfrey-du-Gua, the Guidi family, Protestants, opened in 1936 a preventorium called &#8220;Les Tilleuls&#8221;. From 1940-1941, the establishment took in Jewish children from persecuted families [1], most of whom were sent by the \u0152uvre de Secours aux Enfants (OSE). Other families took in Jewish children and a few refractory ones sent by Henri Bertrand, alias X2[2], or the Girard-Clot family from Grenoble [3]. They were then placed individually on farms or in forestry operations.<\/p>\n\n\n\n<p>It was also the crucible for the reconstitution of military units.<br>After the disbandment of the armistice army in the vicinity of Monestier-de-Clermont, about forty men from the 6th BCA trained intensively: they followed the Manuel d&#8217;entra\u00eenement du Fantassin (infantryman&#8217;s training manual) of General Laffargue, commander of the Grenoble military subdivision, like a bible [4].<\/p>\n\n\n\n<p>From 1943 onwards and the introduction of the STO, camps were to be set up.<\/p>\n\n\n\n<p>In March 1943, Jacques Mol\u00e9, who had joined the Resistance in Lyon, founded the &#8220;Clan Notre-Dame-des-Maquis&#8221; group, which aimed to bring together scouts called up for the STO. He went to the Tri\u00e8ves [5]. 5] Appointed head of the A.S. sector, he travelled around the area to set up camps to welcome draft dodgers [6].<\/p>\n\n\n\n<p>At the beginning of August 1943, in Tr\u00e9minis, Jean-Claude Rozan (Lanval), set up a camp that included about thirty individuals.<\/p>\n\n\n\n<p>In September 1943, a camp was set up in La Sagne, on the initiative of two theology students from the University of Montpellier, which was dissolved on 19 October 1943 by the German army.<\/p>\n\n\n\n<p>In October 1943, the F.T.P. itinerant detachment &#8220;Chant du d\u00e9part&#8221; settled in Esparron. Headed by Marcel Dufour, it did not come into contact with the other groups and operated quite independently [7].<\/p>\n\n\n\n<p>During the harsh winter of 1943-1944, camps came to the Tri\u00e8ves to find a less harsh climate and more satisfactory supply possibilities. The C.2, which came from the Carette clearing, south of Corren\u00e7on-en-Vercors, settled on the first foothills of the massif and was supplied by Potin from Sector IV [8].<\/p>\n\n\n\n<p>The places of memory reflect, today, the character of a multiform resistance.<\/p>\n\n\n\n<p class=\"has-text-align-right\">Author: <strong>Julien Guillon<\/strong><br>Sources and references :<br>1] The inhabitants of Pr\u00e9lenfrey saved the 51 Jews, including 20 children, who had hidden there between 1940 and 1944. H\u00e9l\u00e8ne, Georges and Andr\u00e9 Guidi, as well as the nurse Annie Wahl, received the distinction of &#8220;Righteous Among the Nations&#8221;. The whole village was also honoured with this distinction.<br>2] Archives D\u00e9partementales de l&#8217;Is\u00e8re, 57J50\/1, Testimony of Henri Bertrand collected by Suzanne Silvestre on 20 November 1967, 8 pages.<br>3] A.D. Is\u00e8re, 57J50\/1. Testimony of Miss Girard-Clot taken by Suzanne Silvestre on 17 October 1966, 2 pages.<br>4] A.D. Is\u00e8re, 57J50\/1. Testimony of Gustave Lombart taken by Suzanne Silvestre on 19 December 1977, 6 pages.<br>5] Duclos (J-C.) (Under the direction of.), 1939, 1945. L&#8217;Is\u00e8re en R\u00e9sistance, M.R.D.I., Grenoble, 2005, 194 pages.<br>6] Duclos (J-C.) (Under the direction of.), 1939, 1945. L&#8217;Is\u00e8re en R\u00e9sistance, M.R.D.I., Grenoble, 2005, 194 pages.<br>7] Billat (P.), Lev\u00e9s \u00e0 l&#8217;aube de la R\u00e9sistance dauphinoise, Sassenage: Imprimeurs r\u00e9unis, 1978, 218 pages.<br>8] A.D. Is\u00e8re, 57J50\/1, Testimony of Andr\u00e9 Genot collected by Suzanne Silvestre on 28 April 1975, 7 pages.<br><\/p>\n\n\n\n<p>From the Pas to the Drac Valley<\/p>\n\n\n\n<p>In parallel and in relation to the Montagnards Project, the sectors of the piedmont were assigned two major roles. The first was to increase surveillance [1] of enemy movements, and the second was to provide a first line of defence against access to the Vercors massif. Indeed, the passes and cols could be used by troops not necessarily trained and experienced in mountain warfare to access the massif, despite the natural defences.<br>With this in mind, the groups formed in the Tri\u00e8ves by soldiers of the 6th B.C.A., who had passed over to the O.R.A., were trained to &#8220;[\u2026] take or defend a rocky outcrop [2]&#8221;, but above all to &#8220;[\u2026] harass from above and below the access to the Vercors passes considered accessible [3]&#8221;, while the civilian Brisac company was to be immediately mobilised for the defence of St. Nizier-du-Moucherotte.<br>In July and August 1944, during the dispersal, these accesses were guarded. A few fighters were shot as they tried to leave the massif.<\/p>\n\n\n\n<p>The places of memory that mark out this space are in correlation with the diversity of the stakes.<\/p>\n\n\n\n<p class=\"has-text-align-right\">Author: <strong>Julien Guillon<\/strong><br>References :<br>[1] [2] and [3] Archives D\u00e9partementales de l&#8217;Is\u00e8re &#8211; 57J50\/1<\/p>\n\n\n\n<h4 class=\"wp-block-heading\">The Grenoble agglomeration and the Quatre-Montagnes<\/h4>\n\n\n\n<p>Two major events can be linked to the memory markers:<\/p>\n\n\n\n<p>During the Second World War, the cliffs and their outlets to the Grenoble conurbation were still in &#8220;open country&#8221;. From 1943 onwards, when the occupying power emptied its jails, it only took a few kilometres to carry out summary executions in remote and discreet locations.<\/p>\n\n\n\n<p>During the dispersal, from 23 July 1944, the outlets of Saint-Nizier-du-Moucherotte and Engins were watched by German troops. Some fighters were killed during their exfiltration attempt, including Jean Pr\u00e9vost and his companions.<\/p>\n\n\n\n<p class=\"has-text-align-right\">Author: <strong>Julien Guillon<\/strong><\/p>\n","protected":false},"excerpt":{"rendered":"<p>Typology, actors and spatial distribution The definitions of Pierre Nora and G\u00e9rard Wajcman served as a framework for the study of the Groupe Vercors R\u00e9sistant (GVR) because they apply to the Vercors. These places present a heterogeneity that bears witness to memories: individual or collective plaques, steles, monuments, memorials, museums and necropolises. The massif is (&#8230;) <a href=\"https:\/\/www.vercors-resistance.fr\/en\/media-library\/places-of-memory-of-the-resistant-vercors\/\">Lire la suite<\/a><\/p>\n","protected":false},"author":1,"featured_media":0,"parent":5889,"menu_order":0,"comment_status":"closed","ping_status":"closed","template":"","meta":{"_acf_changed":false,"_exactmetrics_skip_tracking":false,"_exactmetrics_sitenote_active":false,"_exactmetrics_sitenote_note":"","_exactmetrics_sitenote_category":0,"footnotes":""},"class_list":["post-5989","page","type-page","status-publish","hentry"],"acf":[],"yoast_head":"<!-- This site is optimized with the Yoast SEO plugin v26.7 - https:\/\/yoast.com\/wordpress\/plugins\/seo\/ -->\n<title>Places of memory of the resistant Vercors - Association nationale des pionniers et combattants volontaires du maquis du Vercors<\/title>\n<meta name=\"robots\" content=\"index, follow, max-snippet:-1, max-image-preview:large, max-video-preview:-1\" \/>\n<link rel=\"canonical\" href=\"https:\/\/www.vercors-resistance.fr\/en\/media-library\/places-of-memory-of-the-resistant-vercors\/\" \/>\n<meta property=\"og:locale\" content=\"en_US\" \/>\n<meta property=\"og:type\" content=\"article\" \/>\n<meta property=\"og:title\" content=\"Places of memory of the resistant Vercors - Association nationale des pionniers et combattants volontaires du maquis du Vercors\" \/>\n<meta property=\"og:description\" content=\"Typology, actors and spatial distribution The definitions of Pierre Nora and G\u00e9rard Wajcman served as a framework for the study of the Groupe Vercors R\u00e9sistant (GVR) because they apply to the Vercors. These places present a heterogeneity that bears witness to memories: individual or collective plaques, steles, monuments, memorials, museums and necropolises. The massif is (...) Lire la suite\" \/>\n<meta property=\"og:url\" content=\"https:\/\/www.vercors-resistance.fr\/en\/media-library\/places-of-memory-of-the-resistant-vercors\/\" \/>\n<meta property=\"og:site_name\" content=\"Association nationale des pionniers et combattants volontaires du maquis du Vercors\" \/>\n<meta property=\"article:modified_time\" content=\"2021-04-06T16:35:55+00:00\" \/>\n<meta property=\"og:image\" content=\"http:\/\/vercors-resistance.fr\/wp-content\/uploads\/2018\/12\/Panneau-provisoire-Vassieux-en-Vercors.jpeg\" \/>\n<meta name=\"twitter:card\" content=\"summary_large_image\" \/>\n<meta name=\"twitter:label1\" content=\"Est. reading time\" \/>\n\t<meta name=\"twitter:data1\" content=\"19 minutes\" \/>\n<script type=\"application\/ld+json\" class=\"yoast-schema-graph\">{\"@context\":\"https:\/\/schema.org\",\"@graph\":[{\"@type\":\"WebPage\",\"@id\":\"https:\/\/www.vercors-resistance.fr\/en\/media-library\/places-of-memory-of-the-resistant-vercors\/\",\"url\":\"https:\/\/www.vercors-resistance.fr\/en\/media-library\/places-of-memory-of-the-resistant-vercors\/\",\"name\":\"Places of memory of the resistant Vercors - Association nationale des pionniers et combattants volontaires du maquis du Vercors\",\"isPartOf\":{\"@id\":\"https:\/\/www.vercors-resistance.fr\/#website\"},\"primaryImageOfPage\":{\"@id\":\"https:\/\/www.vercors-resistance.fr\/en\/media-library\/places-of-memory-of-the-resistant-vercors\/#primaryimage\"},\"image\":{\"@id\":\"https:\/\/www.vercors-resistance.fr\/en\/media-library\/places-of-memory-of-the-resistant-vercors\/#primaryimage\"},\"thumbnailUrl\":\"http:\/\/vercors-resistance.fr\/wp-content\/uploads\/2018\/12\/Panneau-provisoire-Vassieux-en-Vercors.jpeg\",\"datePublished\":\"2021-03-09T14:28:40+00:00\",\"dateModified\":\"2021-04-06T16:35:55+00:00\",\"breadcrumb\":{\"@id\":\"https:\/\/www.vercors-resistance.fr\/en\/media-library\/places-of-memory-of-the-resistant-vercors\/#breadcrumb\"},\"inLanguage\":\"en-US\",\"potentialAction\":[{\"@type\":\"ReadAction\",\"target\":[\"https:\/\/www.vercors-resistance.fr\/en\/media-library\/places-of-memory-of-the-resistant-vercors\/\"]}]},{\"@type\":\"ImageObject\",\"inLanguage\":\"en-US\",\"@id\":\"https:\/\/www.vercors-resistance.fr\/en\/media-library\/places-of-memory-of-the-resistant-vercors\/#primaryimage\",\"url\":\"http:\/\/vercors-resistance.fr\/wp-content\/uploads\/2018\/12\/Panneau-provisoire-Vassieux-en-Vercors.jpeg\",\"contentUrl\":\"http:\/\/vercors-resistance.fr\/wp-content\/uploads\/2018\/12\/Panneau-provisoire-Vassieux-en-Vercors.jpeg\"},{\"@type\":\"BreadcrumbList\",\"@id\":\"https:\/\/www.vercors-resistance.fr\/en\/media-library\/places-of-memory-of-the-resistant-vercors\/#breadcrumb\",\"itemListElement\":[{\"@type\":\"ListItem\",\"position\":1,\"name\":\"Accueil\",\"item\":\"https:\/\/www.vercors-resistance.fr\/en\/\"},{\"@type\":\"ListItem\",\"position\":2,\"name\":\"Media library\",\"item\":\"https:\/\/www.vercors-resistance.fr\/en\/media-library\/\"},{\"@type\":\"ListItem\",\"position\":3,\"name\":\"Places of memory of the resistant Vercors\"}]},{\"@type\":\"WebSite\",\"@id\":\"https:\/\/www.vercors-resistance.fr\/#website\",\"url\":\"https:\/\/www.vercors-resistance.fr\/\",\"name\":\"Association nationale des pionniers et combattants volontaires du maquis du Vercors\",\"description\":\"La flamme de la r\u00e9sistance fran\u00e7aise ne doit pas s\u2019\u00e9teindre et ne s\u2019\u00e9teindra pas &lt;span&gt;Charles de Gaulle, appel du 18 juin 1940&lt;\/span&gt;\",\"potentialAction\":[{\"@type\":\"SearchAction\",\"target\":{\"@type\":\"EntryPoint\",\"urlTemplate\":\"https:\/\/www.vercors-resistance.fr\/?s={search_term_string}\"},\"query-input\":{\"@type\":\"PropertyValueSpecification\",\"valueRequired\":true,\"valueName\":\"search_term_string\"}}],\"inLanguage\":\"en-US\"}]}<\/script>\n<!-- \/ Yoast SEO plugin. -->","yoast_head_json":{"title":"Places of memory of the resistant Vercors - Association nationale des pionniers et combattants volontaires du maquis du Vercors","robots":{"index":"index","follow":"follow","max-snippet":"max-snippet:-1","max-image-preview":"max-image-preview:large","max-video-preview":"max-video-preview:-1"},"canonical":"https:\/\/www.vercors-resistance.fr\/en\/media-library\/places-of-memory-of-the-resistant-vercors\/","og_locale":"en_US","og_type":"article","og_title":"Places of memory of the resistant Vercors - Association nationale des pionniers et combattants volontaires du maquis du Vercors","og_description":"Typology, actors and spatial distribution The definitions of Pierre Nora and G\u00e9rard Wajcman served as a framework for the study of the Groupe Vercors R\u00e9sistant (GVR) because they apply to the Vercors. These places present a heterogeneity that bears witness to memories: individual or collective plaques, steles, monuments, memorials, museums and necropolises. The massif is (...) Lire la suite","og_url":"https:\/\/www.vercors-resistance.fr\/en\/media-library\/places-of-memory-of-the-resistant-vercors\/","og_site_name":"Association nationale des pionniers et combattants volontaires du maquis du Vercors","article_modified_time":"2021-04-06T16:35:55+00:00","og_image":[{"url":"http:\/\/vercors-resistance.fr\/wp-content\/uploads\/2018\/12\/Panneau-provisoire-Vassieux-en-Vercors.jpeg","type":"","width":"","height":""}],"twitter_card":"summary_large_image","twitter_misc":{"Est. reading time":"19 minutes"},"schema":{"@context":"https:\/\/schema.org","@graph":[{"@type":"WebPage","@id":"https:\/\/www.vercors-resistance.fr\/en\/media-library\/places-of-memory-of-the-resistant-vercors\/","url":"https:\/\/www.vercors-resistance.fr\/en\/media-library\/places-of-memory-of-the-resistant-vercors\/","name":"Places of memory of the resistant Vercors - Association nationale des pionniers et combattants volontaires du maquis du Vercors","isPartOf":{"@id":"https:\/\/www.vercors-resistance.fr\/#website"},"primaryImageOfPage":{"@id":"https:\/\/www.vercors-resistance.fr\/en\/media-library\/places-of-memory-of-the-resistant-vercors\/#primaryimage"},"image":{"@id":"https:\/\/www.vercors-resistance.fr\/en\/media-library\/places-of-memory-of-the-resistant-vercors\/#primaryimage"},"thumbnailUrl":"http:\/\/vercors-resistance.fr\/wp-content\/uploads\/2018\/12\/Panneau-provisoire-Vassieux-en-Vercors.jpeg","datePublished":"2021-03-09T14:28:40+00:00","dateModified":"2021-04-06T16:35:55+00:00","breadcrumb":{"@id":"https:\/\/www.vercors-resistance.fr\/en\/media-library\/places-of-memory-of-the-resistant-vercors\/#breadcrumb"},"inLanguage":"en-US","potentialAction":[{"@type":"ReadAction","target":["https:\/\/www.vercors-resistance.fr\/en\/media-library\/places-of-memory-of-the-resistant-vercors\/"]}]},{"@type":"ImageObject","inLanguage":"en-US","@id":"https:\/\/www.vercors-resistance.fr\/en\/media-library\/places-of-memory-of-the-resistant-vercors\/#primaryimage","url":"http:\/\/vercors-resistance.fr\/wp-content\/uploads\/2018\/12\/Panneau-provisoire-Vassieux-en-Vercors.jpeg","contentUrl":"http:\/\/vercors-resistance.fr\/wp-content\/uploads\/2018\/12\/Panneau-provisoire-Vassieux-en-Vercors.jpeg"},{"@type":"BreadcrumbList","@id":"https:\/\/www.vercors-resistance.fr\/en\/media-library\/places-of-memory-of-the-resistant-vercors\/#breadcrumb","itemListElement":[{"@type":"ListItem","position":1,"name":"Accueil","item":"https:\/\/www.vercors-resistance.fr\/en\/"},{"@type":"ListItem","position":2,"name":"Media library","item":"https:\/\/www.vercors-resistance.fr\/en\/media-library\/"},{"@type":"ListItem","position":3,"name":"Places of memory of the resistant Vercors"}]},{"@type":"WebSite","@id":"https:\/\/www.vercors-resistance.fr\/#website","url":"https:\/\/www.vercors-resistance.fr\/","name":"Association nationale des pionniers et combattants volontaires du maquis du Vercors","description":"La flamme de la r\u00e9sistance fran\u00e7aise ne doit pas s\u2019\u00e9teindre et ne s\u2019\u00e9teindra pas &lt;span&gt;Charles de Gaulle, appel du 18 juin 1940&lt;\/span&gt;","potentialAction":[{"@type":"SearchAction","target":{"@type":"EntryPoint","urlTemplate":"https:\/\/www.vercors-resistance.fr\/?s={search_term_string}"},"query-input":{"@type":"PropertyValueSpecification","valueRequired":true,"valueName":"search_term_string"}}],"inLanguage":"en-US"}]}},"_links":{"self":[{"href":"https:\/\/www.vercors-resistance.fr\/en\/wp-json\/wp\/v2\/pages\/5989","targetHints":{"allow":["GET"]}}],"collection":[{"href":"https:\/\/www.vercors-resistance.fr\/en\/wp-json\/wp\/v2\/pages"}],"about":[{"href":"https:\/\/www.vercors-resistance.fr\/en\/wp-json\/wp\/v2\/types\/page"}],"author":[{"embeddable":true,"href":"https:\/\/www.vercors-resistance.fr\/en\/wp-json\/wp\/v2\/users\/1"}],"replies":[{"embeddable":true,"href":"https:\/\/www.vercors-resistance.fr\/en\/wp-json\/wp\/v2\/comments?post=5989"}],"version-history":[{"count":0,"href":"https:\/\/www.vercors-resistance.fr\/en\/wp-json\/wp\/v2\/pages\/5989\/revisions"}],"up":[{"embeddable":true,"href":"https:\/\/www.vercors-resistance.fr\/en\/wp-json\/wp\/v2\/pages\/5889"}],"wp:attachment":[{"href":"https:\/\/www.vercors-resistance.fr\/en\/wp-json\/wp\/v2\/media?parent=5989"}],"curies":[{"name":"wp","href":"https:\/\/api.w.org\/{rel}","templated":true}]}}